{"id":268,"date":"2015-11-15T16:34:04","date_gmt":"2015-11-15T16:34:04","guid":{"rendered":"http:\/\/zanshinkai.de\/?page_id=268"},"modified":"2023-03-14T16:59:55","modified_gmt":"2023-03-14T14:59:55","slug":"start_","status":"publish","type":"page","link":"https:\/\/zanshinkai.de\/en\/","title":{"rendered":"News"},"content":{"rendered":"<p><\/p>\n<h5><em>14th of March 2023<\/em><\/h5>\n<p>In just about 3 weeks <strong>Duncan, Oliver and Doug<\/strong> will be on the tatami at the <strong>SANSHIN Taikai in G\u00f6ttingen<\/strong>. Duncan has come all the way from Australia and Doug from Japan. <strong>All three will<\/strong> try to <strong>inspire you<\/strong> and share their knowledge with you!<\/p>\n<p><strong>Register by 19.03.2023<\/strong> to take <strong>advantage of the early bird discount<\/strong> (125 \/2 days and 100 \/1 day).<\/p>\n<p>On <strong>Friday, 31.03.2023<\/strong>, there will be an <strong>additional training with all three teachers<\/strong> starting at 19:30. Please send the registration for the training via this email info@zanshinkai.de.<\/p>\n<p>Another <strong>highlight<\/strong> besides the teachers will be the <strong>band Calaveras<\/strong>, Doug&#8217;s band from Japan. They will rock Gttingen again. The <strong>concert is on 01 April<\/strong> and <strong>Doug<\/strong> will present his <strong>new album &#8220;Skulls on Fire&#8221;<\/strong>.<\/p>\n<h5><em>1st of March 2023<\/em><\/h5>\n<p>The <strong>SANSHIN Taikai<\/strong> is coming. <strong>Duncan, Oliver and Doug<\/strong> look forward to seeing you at the SANSHIN Taikai from <strong>01-02 April<\/strong>!<\/p>\n<p><strong>Pre-registration runs until 19.03.2023<\/strong> (125 \/2 days and 100 \/1 day), after that the regular fees apply (145 \/2 days and 110 \/1 day). Just send your <strong>registration<\/strong> via email to <strong><a href=\"mailto:info@zanshinkai.de\" target=\"_blank\" rel=\"noopener\">info@zanshinkai.de<\/a>.<\/strong><\/p>\n<p>On <strong>Saturday evening<\/strong>, after dinner, there will be a concert with the <strong>Calaveras<\/strong>. Doug and Ken will rock the stage, as they did in G\u00f6ttingen in 2019.<\/p>\n<p><a href=\"http:\/\/zanshinkai.de\/wp-content\/uploads\/2023\/03\/Flyer_FB.png\"><img loading=\"lazy\" class=\"alignnone wp-image-1376 size-full\" src=\"http:\/\/zanshinkai.de\/wp-content\/uploads\/2023\/03\/Flyer_FB.png\" alt=\"\" width=\"548\" height=\"391\" srcset=\"https:\/\/zanshinkai.de\/wp-content\/uploads\/2023\/03\/Flyer_FB.png 548w, https:\/\/zanshinkai.de\/wp-content\/uploads\/2023\/03\/Flyer_FB-300x214.png 300w\" sizes=\"(max-width: 548px) 100vw, 548px\" \/><\/a><\/p>\n<h5><em>3rd of February 2023<\/em><\/h5>\n<p>The SANSHIN Taikai will take place in G\u00f6ttingen from 01-02 April. 2013 is 2023. Duncan, Oliver and Doug kicked off the SANSHINKAIS and ZANSHINKAIS in 2013. In 2023 they will come together again in Gttingen after 10 years.<\/p>\n<p>You are very welcome to register by email at <a href=\"mailto:info@zanshinkai.de\" target=\"_blank\" rel=\"noopener\">info@zanshinkai.de<\/a>.<\/p>\n<h5><em>27th of September 2022<\/em><\/h5>\n<p>This year&#8217;s SZANSHINKAI will not take place as usual due to too few participants.<\/p>\n<p>We recommend everyone to fly to the Noguchi Taikai.<\/p>\n<p>Those who still have time and money to spare are welcome to attend the training in G\u00f6ttingen this weekend.<\/p>\n<p>We wish everyone a nice autumn and winter.<\/p>\n<h5><em>18th of August 2022<\/em><\/h5>\n<p>This year&#8217;s ZANSHINKAI teacher team: <strong>Oliver Piskurek<\/strong> (Germany), <strong>Sheila Haddad<\/strong> (USA) und<strong> Sveneric Bogs\u00e4ter<\/strong> (Netherlands). We look forward to inspirations with a feeling of Japan.<\/p>\n<p>Please <strong>register via e-mail at <a href=\"mailto:info@zanshinkai.de\" target=\"_blank\" rel=\"noopener\">info@zanshinkai.de<\/a><\/strong>. The <strong>early bird discount <\/strong>is ending on<strong> 18.09.2022.<\/strong><\/p>\n<p>We are looking forward to seeing you again on this wonderful training weekend in October.<\/p>\n<p><a href=\"http:\/\/zanshinkai.de\/wp-content\/uploads\/2022\/08\/zanshinkai_shorty.png\"><img loading=\"lazy\" class=\"alignnone wp-image-1323 size-full\" src=\"http:\/\/zanshinkai.de\/wp-content\/uploads\/2022\/08\/zanshinkai_shorty.png\" alt=\"\" width=\"624\" height=\"566\" srcset=\"https:\/\/zanshinkai.de\/wp-content\/uploads\/2022\/08\/zanshinkai_shorty.png 624w, https:\/\/zanshinkai.de\/wp-content\/uploads\/2022\/08\/zanshinkai_shorty-300x272.png 300w\" sizes=\"(max-width: 624px) 100vw, 624px\" \/><\/a><\/p>\n<h5><\/h5>\n<h5><em>17th of October 2021<\/em><\/h5>\n<p>Special thanks to the 3 main teachers of the SZANSHINKAI 2021 Marco Borst, Michael Schjerling and Oliver Piskurek and also to the surprise teacher. And a big thank to all participants!<\/p>\n<p>It was a wonderful event!<\/p>\n<p><a href=\"http:\/\/zanshinkai.de\/wp-content\/uploads\/2021\/10\/szanshinkai2021_web.jpg\"><img loading=\"lazy\" class=\"alignnone size-full wp-image-1299\" src=\"http:\/\/zanshinkai.de\/wp-content\/uploads\/2021\/10\/szanshinkai2021_web.jpg\" alt=\"\" width=\"337\" height=\"425\" srcset=\"https:\/\/zanshinkai.de\/wp-content\/uploads\/2021\/10\/szanshinkai2021_web.jpg 337w, https:\/\/zanshinkai.de\/wp-content\/uploads\/2021\/10\/szanshinkai2021_web-238x300.jpg 238w\" sizes=\"(max-width: 337px) 100vw, 337px\" \/><\/a><\/p>\n<h5><em>3rd of October 2021<\/em><\/h5>\n<p>The <strong>early bird deadline is 10.10.2021<\/strong>, so there is still time to <strong>pre-register for ZANSHINKAI 2021<\/strong> until Sunday.<\/p>\n<p>There will also be a <strong>dinner on Saturday<\/strong>.<\/p>\n<p>Furthermore, we can look forward to a special <strong>Bo Shuriken performance<\/strong> and training opportunity at this year&#8217;s <strong>ZANSHINKAI<\/strong>.<\/p>\n<p>There will also be a <strong>ZANSHINKAI t-shirt this year<\/strong>.<\/p>\n<p>Please don&#8217;t forget to register soon to make organisation easier for us.<\/p>\n<h5><em>23rd of September 2021<\/em><\/h5>\n<p><a href=\"http:\/\/zanshinkai.de\/wp-content\/uploads\/2021\/09\/Zanshinkai_2021_fb.png\"><img loading=\"lazy\" class=\"alignnone size-full wp-image-1269\" src=\"http:\/\/zanshinkai.de\/wp-content\/uploads\/2021\/09\/Zanshinkai_2021_fb.png\" alt=\"\" width=\"584\" height=\"447\" srcset=\"https:\/\/zanshinkai.de\/wp-content\/uploads\/2021\/09\/Zanshinkai_2021_fb.png 584w, https:\/\/zanshinkai.de\/wp-content\/uploads\/2021\/09\/Zanshinkai_2021_fb-300x230.png 300w\" sizes=\"(max-width: 584px) 100vw, 584px\" \/><\/a><\/p>\n<h5><em>20th of September 2021<\/em><\/h5>\n<p>This year&#8217;s ZANSHINKAI teacher team consists of <strong>Michael Schierling (Denmark), Marco Borst (Netherlands) and Oliver Piskurek (Germany)<\/strong>. We look forward to inspirations with a feeling of Japan.<\/p>\n<p><strong>Please register via <a href=\"mailto:info@zanshinkai.de\" target=\"_blank\" rel=\"noopener\">info@zanshinkai.de<\/a>.<\/strong><\/p>\n<p>Further information will follow soon.<\/p>\n<h5><em>22nd of February 2021<\/em><\/h5>\n<p>The <strong>SZANSHINKAI 2021<\/strong> will take place from <strong>16.-17.10.2021<\/strong>.<\/p>\n<h5><em>25th of September 2020<\/em><\/h5>\n<p>The SZANSHINKAI will take place from 10-11.10.2020.<\/p>\n<p>Due to COVID-19 there will be another change in the teacher team. <span lang=\"en\">Three different dates and three teacher changes, szanshin.<\/span><\/p>\n<p>This year we are looking forward to <strong>Thomas Franz\u00e9n<\/strong>, <strong>Oliver Piskurek<\/strong> and <strong>Kostas Kanakis<\/strong>.<\/p>\n<p>The pre-registration runs until September 30th, 2020. The number of participants is limited.<\/p>\n<p>Further information will follow.<\/p>\n<p>Stay healthy.<\/p>\n<p>Banpenfugyo.<\/p>\n<p><a href=\"http:\/\/zanshinkai.de\/wp-content\/uploads\/2020\/09\/2020-10_Zanshinkai_2020_web.png\"><img loading=\"lazy\" class=\"alignnone size-full wp-image-1235\" src=\"http:\/\/zanshinkai.de\/wp-content\/uploads\/2020\/09\/2020-10_Zanshinkai_2020_web.png\" alt=\"\" width=\"2349\" height=\"1900\" srcset=\"https:\/\/zanshinkai.de\/wp-content\/uploads\/2020\/09\/2020-10_Zanshinkai_2020_web.png 2349w, https:\/\/zanshinkai.de\/wp-content\/uploads\/2020\/09\/2020-10_Zanshinkai_2020_web-300x243.png 300w, https:\/\/zanshinkai.de\/wp-content\/uploads\/2020\/09\/2020-10_Zanshinkai_2020_web-768x621.png 768w, https:\/\/zanshinkai.de\/wp-content\/uploads\/2020\/09\/2020-10_Zanshinkai_2020_web-1024x828.png 1024w\" sizes=\"(max-width: 2349px) 100vw, 2349px\" \/><\/a><\/p>\n<h5><em>3rd of July 2020<\/em><\/h5>\n<p>The SZANSHINKAI will takes place from October 03-04, 2020.<\/p>\n<p>Due to the current situation, we will adapt the SZANSHINKAI thematically and make long weapons a central theme. The number of participants for the SZANSHINKAI 2020 will be limited.<\/p>\n<p>New pre-registration is possible until 12th of September 2020.<\/p>\n<p>More information will follow soon.<\/p>\n<p>Stay healthy.<\/p>\n<p>Banpenfugyo.<\/p>\n<h5><em>16th of March 2020<\/em><\/h5>\n<p>As already indicated, the SZANSHINKAI 2020 must be postponed.<\/p>\n<p><a href=\"https:\/\/www.bundesregierung.de\/breg-de\/themen\/buerokratieabbau\/vereinbarung-zwischen-der-bundesregierung-und-den-regierungschefinnen-und-regierungschefs-der-bundeslaender-angesichts-der-corona-epidemie-in-deutschland-1730934\" target=\"_blank\" rel=\"noopener noreferrer\">https:\/\/www.bundesregierung.de\/breg-de\/themen\/buerokratieabbau\/vereinbarung-zwischen-der-bundesregierung-und-den-regierungschefinnen-und-regierungschefs-der-bundeslaender-angesichts-der-corona-epidemie-in-deutschland-1730934<\/a>.<\/p>\n<p>Further information will follow.<\/p>\n<p>Stay positive and healthy \ud83d\ude42<\/p>\n<p>Banpenfugyo.<\/p>\n<h5><em>15th of March 2020<\/em><\/h5>\n<p>Due to the dynamic progression of the current situation, we would like to try to respond to all concerns, wishes and hopes as best as we can. Taking into account the current situation and the travel restrictions, we would like to express our fullest understanding. In the SZanshinkai team we constantly discuss and evaluate the situation. It is important to us to avoid risks, especially for older people or people who are at risk for health conditions.<\/p>\n<p><span class=\"tlid-translation translation\" lang=\"en\"><span class=\"\" title=\"\">We will get in touch with you early next week. <\/span><\/span>Please be prepared for everything and stay positive.<\/p>\n<p>Banpenfugyo juppo sessho gakorai tosha akuma fudo.<\/p>\n<p><em>14th of March 2020<\/em><\/p>\n<p dir=\"auto\"><span style=\"color: #333333;\">The ZSanshinkai team understands that given the current state of affairs some people will likely be impacted by travel restrictions. We understand and respect that people will be impacted and should not take unnecessary risks. We are happy about all those who remain positive and look forward to the ZSANSHINKAI.<\/span><\/p>\n<p><span style=\"color: #333333;\">Here some more <strong>information<\/strong> about the <strong>ZSANSHINKAI.<\/strong> Besides the <strong>usual training weapons<\/strong>, please bring a <strong>Rokushakubo<\/strong> <strong>if possible<\/strong>. T<\/span><span style=\"color: #333333;\">his year there is a limited number of participants. Until Thursday, 19.03.2020, a few more participants will be accepted.<\/span><\/p>\n<p>We are looking forward to a great event and wish a smooth trip to our attendees and now a great weekend.<\/p>\n<h5><em>28th of February 2020<\/em><\/h5>\n<p>Just 3<strong> days left<\/strong> until <strong>01.03.2020<\/strong> to get the <strong>EARLY BIRD DISCOUNT<\/strong> for <strong>125 \u20ac<\/strong>. For <strong>Judan and above<\/strong> the <strong>EARLY BRID DISCOUNT is 70 \u20ac<\/strong>. <strong> For group bookings of 5 persons or more, the fee is reduced again, please check our <a href=\"https:\/\/zanshinkai.de\/wp-content\/uploads\/2020\/01\/Zanshinkai_Flyer_2020_eng.pdf\" target=\"_blank\" rel=\"noopener noreferrer\">ZANSHINKAI Flyer<\/a>! <\/strong>Please note that <strong>after 01.03.<\/strong> the <strong>regular seminar fee of 145 \u20ac<\/strong> will <strong>apply<\/strong>. <strong>Please<\/strong> <strong>register<\/strong> for the <strong>ZANSHINKAI<\/strong> <strong>2020<\/strong> via <a title=\"ZANSHINKAI 2020\" href=\"mailto:info@zanshinkai.de\" target=\"_blank\" rel=\"noopener noreferrer\"><strong>info@zanshinkai.de<\/strong><\/a>.<\/p>\n<p>Our <strong>T-Shirt design<\/strong> for this years <strong>ZANSHINKAI<\/strong> you&#8217;ll underneath this post. <strong>Pre-orders<\/strong> can be placed <strong>until 01.03.2020<\/strong>.<\/p>\n<p>As usual, we will have our regular <strong>dinner<\/strong> on <strong>Saturday evening<\/strong>. Please let us know, if you want to join.<\/p>\n<p><strong>Note<\/strong>: Due to a few requests about the new coronavirus, I would like to refer to a scientific assessment by Oliver Piskurek. Please follow this link: <a href=\"https:\/\/m.facebook.com\/story.php?story_fbid=2785505578153069&amp;id=100000809620154\" target=\"_blank\" rel=\"noopener noreferrer\"><strong>https:\/\/m.facebook.com\/story.php?story_fbid=2785505578153069&amp;id=100000809620154<\/strong><\/a>\u00a0 and the corresponding updates from Oliver. We will take extended hygiene measures for the ZANSHINKAI. If you have any further questions on this topic, please contact us.<\/p>\n<p><strong> Pedro<\/strong> will give a <strong> special training<\/strong> on <strong> Friday<\/strong>, <strong> 20.03.20 from 7-9 pm<\/strong>. <strong> Take this opportunity &amp;<\/strong> <strong>join \ud83d\ude09<\/strong> For all who participate in the ZANSHINKAI, the fee is 15 \u20ac. For all others 25 \u20ac.<\/p>\n<h5><em>16th of February 2020<\/em><\/h5>\n<h5>This year&#8217;s T-SHIRT design. When you register for the ZANSHINKAI please let us know, if you want to order one and which size you have (we have men and womens cut).<\/h5>\n<p><a href=\"http:\/\/zanshinkai.de\/wp-content\/uploads\/2020\/02\/ratte-t-shirt.jpg\"><img loading=\"lazy\" class=\"alignnone wp-image-1181 size-large\" src=\"http:\/\/zanshinkai.de\/wp-content\/uploads\/2020\/02\/ratte-t-shirt-950x1024.jpg\" alt=\"\" width=\"640\" height=\"690\" srcset=\"https:\/\/zanshinkai.de\/wp-content\/uploads\/2020\/02\/ratte-t-shirt-950x1024.jpg 950w, https:\/\/zanshinkai.de\/wp-content\/uploads\/2020\/02\/ratte-t-shirt-278x300.jpg 278w, https:\/\/zanshinkai.de\/wp-content\/uploads\/2020\/02\/ratte-t-shirt-768x827.jpg 768w\" sizes=\"(max-width: 640px) 100vw, 640px\" \/><\/a><\/p>\n<h5><em>25th January 2020<\/em><\/h5>\n<p>A happy new year 2020 to all.<\/p>\n<p>The <strong>ZANSHINKAI 2020<\/strong> is coming closer. On <strong>21-22 March 2020 in G\u00f6ttingen<\/strong>. <strong>Pedro, Oliver<\/strong> &amp; <strong>Doug<\/strong> form this year&#8217;s <strong>ZANSHINKAI teacher team<\/strong>.<\/p>\n<p><strong>Pedro<\/strong> will give a training on <strong>Friday, 20.03.20 from 7-9 pm<\/strong>. <strong>Take this chance &amp; join!<\/strong> Please register for the training (<a href=\"mailto:info@zanshinkai.de\" target=\"_blank\" rel=\"noopener noreferrer\">info@zanshinkai.de<\/a>).<\/p>\n<p>The <strong>registration<\/strong> for <strong>ZANSHINKAI<\/strong> <strong>2020<\/strong> is running and as always there is our <a href=\"http:\/\/zanshinkai.de\/anmeldung\/\" target=\"_blank\" rel=\"noopener noreferrer\"><strong>early bird discount<\/strong><\/a>. <strong>Register until 01.03.2020<\/strong> and receive <a href=\"http:\/\/zanshinkai.de\/anmeldung\/\" target=\"_blank\" rel=\"noopener noreferrer\"><strong>special (group) conditions<\/strong><\/a>.<\/p>\n<p><strong>We are looking forward to you!<\/strong><\/p>\n<h5><em>11th of October 2019<\/em><\/h5>\n<p>The upcoming <strong>ZANSHINKAI<\/strong> is from <strong>21.-22. of March 2020<\/strong>. More information are coming soon. Please mark this date in your calender.<\/p>\n<h5><em>16th of May 2019<\/em><\/h5>\n<div style=\"width: 640px;\" class=\"wp-video\"><video class=\"wp-video-shortcode\" id=\"video-268-3\" width=\"640\" height=\"360\" poster=\"http:\/\/zanshinkai.de\/wp-content\/uploads\/2019\/04\/logo_zs.jpg\" preload=\"metadata\" controls=\"controls\"><source type=\"video\/mp4\" src=\"http:\/\/zanshinkai.de\/wp-content\/uploads\/2019\/05\/zanshinkai-2019.mp4?_=3\" \/><a href=\"http:\/\/zanshinkai.de\/wp-content\/uploads\/2019\/05\/zanshinkai-2019.mp4\">http:\/\/zanshinkai.de\/wp-content\/uploads\/2019\/05\/zanshinkai-2019.mp4<\/a><\/video><\/div>\n<h5><\/h5>\n<h5><em>16th of May 2019<\/em><\/h5>\n<p>This years t-shirt design.<\/p>\n<p><a href=\"http:\/\/zanshinkai.de\/wp-content\/uploads\/2019\/05\/zanshinkai-t-shirt.jpg\"><img loading=\"lazy\" class=\"alignnone wp-image-1095 size-medium\" src=\"http:\/\/zanshinkai.de\/wp-content\/uploads\/2019\/05\/zanshinkai-t-shirt-276x300.jpg\" alt=\"\" width=\"276\" height=\"300\" srcset=\"https:\/\/zanshinkai.de\/wp-content\/uploads\/2019\/05\/zanshinkai-t-shirt-276x300.jpg 276w, https:\/\/zanshinkai.de\/wp-content\/uploads\/2019\/05\/zanshinkai-t-shirt-768x835.jpg 768w, https:\/\/zanshinkai.de\/wp-content\/uploads\/2019\/05\/zanshinkai-t-shirt-942x1024.jpg 942w\" sizes=\"(max-width: 276px) 100vw, 276px\" \/><\/a><\/p>\n<h5><em>29th of April 2019<\/em><\/h5>\n<p>Here a trailer of previous Sanshin\/Zanshinkais that features our three main teachers for 2019. Get your <strong>early bird discount until 19th of May 2019<\/strong>. We look forward seeing you at the ZANSHINKAI 2019!<\/p>\n<div style=\"width: 640px;\" class=\"wp-video\"><video class=\"wp-video-shortcode\" id=\"video-268-4\" width=\"640\" height=\"360\" poster=\"http:\/\/zanshinkai.de\/wp-content\/uploads\/2019\/04\/logo_zs.jpg\" preload=\"metadata\" controls=\"controls\"><source type=\"video\/mp4\" src=\"http:\/\/zanshinkai.de\/wp-content\/uploads\/2019\/04\/zanshinkai-2019-goettingen.mp4?_=4\" \/><a href=\"http:\/\/zanshinkai.de\/wp-content\/uploads\/2019\/04\/zanshinkai-2019-goettingen.mp4\">http:\/\/zanshinkai.de\/wp-content\/uploads\/2019\/04\/zanshinkai-2019-goettingen.mp4<\/a><\/video><\/div>\n<h5><em>4th of April 2019<\/em><\/h5>\n<p>In less than 2 months the <strong>ZANSHINKAI 2019<\/strong> will take place in <strong>G\u00f6ttingen<\/strong>. Please <strong>register<\/strong> for the <strong><a href=\"https:\/\/zanshinkai.de\/en\/anmeldung\/\" target=\"_blank\" rel=\"noopener noreferrer\">early bird discount<\/a> by 19 May 2019<\/strong>.<\/p>\n<p><a href=\"http:\/\/zanshinkai.de\/wp-content\/uploads\/2019\/04\/received_623144308097314.jpeg\"><img loading=\"lazy\" class=\"alignleft wp-image-1071 size-thumbnail\" src=\"http:\/\/zanshinkai.de\/wp-content\/uploads\/2019\/04\/received_623144308097314-150x150.jpeg\" alt=\"\" width=\"150\" height=\"150\" srcset=\"https:\/\/zanshinkai.de\/wp-content\/uploads\/2019\/04\/received_623144308097314-150x150.jpeg 150w, https:\/\/zanshinkai.de\/wp-content\/uploads\/2019\/04\/received_623144308097314-300x300.jpeg 300w, https:\/\/zanshinkai.de\/wp-content\/uploads\/2019\/04\/received_623144308097314-768x768.jpeg 768w, https:\/\/zanshinkai.de\/wp-content\/uploads\/2019\/04\/received_623144308097314-1024x1024.jpeg 1024w, https:\/\/zanshinkai.de\/wp-content\/uploads\/2019\/04\/received_623144308097314.jpeg 1600w\" sizes=\"(max-width: 150px) 100vw, 150px\" \/><\/a>We are very happy to have the <strong>band Calaveras<\/strong> around <strong>Doug Wilson<\/strong> <strong>in G\u00f6ttingen<\/strong>. This will be a very <strong>special event<\/strong>. His <strong>legendary guitarist Ken Kishi<\/strong> and co-founder of <strong>Calaveras<\/strong> will <strong>come<\/strong> <strong>to G\u00f6ttingen<\/strong> for the <strong>concert<\/strong>, too. At the moment the band is touring in Tokyo. They will perform as a duo on April 13th in Kyoto. And on <strong>1<sup>st<\/sup> of June 2019<\/strong> they will perform a <strong>live concert<\/strong> in <strong>downtown G\u00f6ttingen<\/strong> to present their newly <strong>released CD &#8220;Hell will decide&#8221;<\/strong>. More information will be available soon.<\/p>\n<p>Our <strong>ZANSHINKAI-T-Shirt-Logo<\/strong> of <strong>this year<\/strong> will be released soon. Please <strong>pre-order<\/strong> at <a href=\"mailto:info@zanshinkai.de\" target=\"_blank\" rel=\"noopener noreferrer\"><strong>info@zanshinkai.de<\/strong><\/a>.<\/p>\n<p><a href=\"http:\/\/zanshinkai.de\/wp-content\/uploads\/2019\/04\/zanshinkai-2019-oliver-lauri-doug.png\"><img loading=\"lazy\" class=\"alignnone size-full wp-image-1067\" src=\"http:\/\/zanshinkai.de\/wp-content\/uploads\/2019\/04\/zanshinkai-2019-oliver-lauri-doug.png\" alt=\"\" width=\"595\" height=\"649\" srcset=\"https:\/\/zanshinkai.de\/wp-content\/uploads\/2019\/04\/zanshinkai-2019-oliver-lauri-doug.png 595w, https:\/\/zanshinkai.de\/wp-content\/uploads\/2019\/04\/zanshinkai-2019-oliver-lauri-doug-275x300.png 275w\" sizes=\"(max-width: 595px) 100vw, 595px\" \/><\/a><\/p>\n<h5><em>13th of March 2019<\/em><\/h5>\n<p>The <strong>ZANSHINKAI Flyer<\/strong> with all main information is online. This year at the ZANSHINKAI we added some specials. Stay tuned.<\/p>\n<p>We are working on a <strong>ZANSHINKAI-T-Shirts<\/strong>. To get one please contact us at <strong>info@zanshinkai.de<\/strong>. More details are coming soon.<\/p>\n<h5><em>1st of March 2019<\/em><\/h5>\n<p>The ZANSHINKAI 2019 takes place fom 1st to 2nd of June 2019 in G\u00f6ttingen. Further information are coming soon our website, Facebook and Instagram.<\/p>\n<h5><em>21st of May 2018<\/em><\/h5>\n<p>The pictures of the ZANSHINKAI are now online. Please check the <a href=\"http:\/\/zanshinkai.de\/galerie\/\" target=\"_blank\" rel=\"noopener noreferrer\"><strong>gallery<\/strong><\/a>.<\/p>\n<h5><em>15th of April 2018<\/em><\/h5>\n<p><strong>Thanks<\/strong> <strong>to all<\/strong> of you for <strong>joining<\/strong> the <strong>ZANSHINKAI 2018<\/strong> in <strong>G\u00f6ttingen<\/strong> two weeks ago.<\/p>\n<p>We will <strong>upload<\/strong> the seminar <strong>pictures<\/strong> <strong>soon<\/strong>.<\/p>\n<p>Have a great time. And see you next time.<\/p>\n<h5><em>24th of January 2018<\/em><\/h5>\n<p><a href=\"http:\/\/zanshinkai.de\/wp-content\/uploads\/2018\/01\/Zanshinkai_Teacher.png\"><img loading=\"lazy\" class=\"alignnone size-full wp-image-799\" src=\"http:\/\/zanshinkai.de\/wp-content\/uploads\/2018\/01\/Zanshinkai_Teacher.png\" alt=\"\" width=\"877\" height=\"881\" srcset=\"https:\/\/zanshinkai.de\/wp-content\/uploads\/2018\/01\/Zanshinkai_Teacher.png 877w, https:\/\/zanshinkai.de\/wp-content\/uploads\/2018\/01\/Zanshinkai_Teacher-150x150.png 150w, https:\/\/zanshinkai.de\/wp-content\/uploads\/2018\/01\/Zanshinkai_Teacher-300x300.png 300w, https:\/\/zanshinkai.de\/wp-content\/uploads\/2018\/01\/Zanshinkai_Teacher-768x772.png 768w\" sizes=\"(max-width: 877px) 100vw, 877px\" \/><\/a><\/p>\n<p>The <strong>ZANSHINKAI<\/strong> gets closer.<\/p>\n<p>The <strong>seminar<\/strong> starts on <strong>Friday 30<sup>th<\/sup> of March<\/strong> (Good Friday) <strong>at 10 am<\/strong>.<\/p>\n<p>The <strong>teacher<\/strong><strong> of the <\/strong><strong>ZANSHINKAI 2018<\/strong> <strong>are<\/strong> <strong>Sveneric Bogs\u00e4ter, Doug Wilson, Oliver Piskurek, Lubo\u0161 Pokorn\u00fd, Kostas Kanakis, Christian Petroccello<\/strong>. This year we will have some <strong>special guests<\/strong>.<\/p>\n<p>The <strong>party<\/strong> is on <strong>Friday<\/strong>. The <strong>location<\/strong> is already <strong>booked<\/strong>. We look forward to a great atmosphere as usual.<\/p>\n<p>A perfect point of time before Easter to get the<strong> Japan spirit<\/strong> in G\u00f6ttingen to get new ideas and a positive input to slide into a relaxed Easter time with your family.<\/p>\n<p>See you at the <strong>ZANSHINKAI 2018<\/strong>!<\/p>\n<h5><span style=\"color: #808080;\"><em>05th of December 2017<\/em><\/span><\/h5>\n<p>The <strong>teachers<\/strong> of the <strong>ZANSHINKAI 2018 <\/strong>are: <b>Sveneric Bogs\u00e4ter, Doug Wilson, Oliver Piskurek, Lubo\u0161 Pokorn\u00fd, Kostas Kanakis, Christian Petroccello<\/b>.<\/p>\n<p>The<strong> ZANSHINKAI 2018<\/strong> takes place from <strong>30th till 31st of March 2018 in G\u00f6ttingen<\/strong>.<\/p>\n<p>Attention: The <strong>seminar starts<\/strong> on<strong> Good Friday<\/strong> and ends on Saturday. You can enjoy Easter after an intensive training.<\/p>\n<p>Please send an <strong>email<\/strong> or the <strong>registration form<\/strong> for <strong>register for the seminar<\/strong>.<\/p>\n<p><strong>Special conditions<\/strong> apply for <strong>registrations<\/strong> up to <strong>18th of March 2017<\/strong>.<\/p>\n<p>See you at the ZANSHINKAI 2018!<\/p>\n<h5><span style=\"color: #808080;\"><em>4th of April 2017<\/em><\/span><\/h5>\n<p>To all participants and to all teachers a big thanks!<\/p>\n<p>The ZANSHINKAI weekend was full of good atmosphere, a lot of creativity and energy, a high quality of teaching and a wonderful spirit.<\/p>\n<p>Soon we will upload pictures of the ZANSHINKAI 2017 in the gallery.<\/p>\n<p><a href=\"http:\/\/zanshinkai.de\/wp-content\/uploads\/2015\/11\/zanshinkai_kollage_2017_kl.png\"><img loading=\"lazy\" class=\"alignnone size-full wp-image-644\" src=\"http:\/\/zanshinkai.de\/wp-content\/uploads\/2015\/11\/zanshinkai_kollage_2017_kl.png\" alt=\"\" width=\"900\" height=\"636\" srcset=\"https:\/\/zanshinkai.de\/wp-content\/uploads\/2015\/11\/zanshinkai_kollage_2017_kl.png 900w, https:\/\/zanshinkai.de\/wp-content\/uploads\/2015\/11\/zanshinkai_kollage_2017_kl-300x212.png 300w, https:\/\/zanshinkai.de\/wp-content\/uploads\/2015\/11\/zanshinkai_kollage_2017_kl-768x543.png 768w\" sizes=\"(max-width: 900px) 100vw, 900px\" \/><\/a><\/p>\n<h5><span style=\"color: #808080;\"><em>30th of March 2017<\/em><\/span><\/h5>\n<p>The <strong>registration<\/strong> <strong>starts<\/strong> on Saturday as well on Sunday at <strong>9 am<\/strong> until 9.45 am.<\/p>\n<h5><span style=\"color: #808080;\"><em>27th of March 2017<\/em><\/span><\/h5>\n<p>As last years yoga session with Paul we will have an additional session on <strong>Friday<\/strong> <strong>(31-03-2017)<\/strong> from 7.30-9 pm in the <strong>Br\u00fcder-Grimm-Halle <\/strong>(Bergenstr.). <strong>Ralph<\/strong> is giving a session on the subject &#8220;<strong>Healing Art Based On Hichibuku<\/strong>&#8220;. Don&#8217;t miss it.<\/p>\n<p>The training schedule for Saturday and Sunday has been uploaded under\u00a0 <a href=\"http:\/\/zanshinkai.de\/en\/training\/\" target=\"_blank\" rel=\"noopener noreferrer\"><strong>Training<\/strong><\/a>. Please check it out.<\/p>\n<p>In regards of the party on Saturday night we have to say that we have no room left. There is a possivility of a waiting list. Feel free to contact us.<\/p>\n<h5><span style=\"color: #808080;\"><em>17th of\u00a0 January 2017<\/em><\/span><\/h5>\n<p><a href=\"http:\/\/zanshinkai.de\/wp-content\/uploads\/2017\/01\/lehrer-logo_2017.png\"><img loading=\"lazy\" class=\"alignnone size-full wp-image-581\" src=\"http:\/\/zanshinkai.de\/wp-content\/uploads\/2017\/01\/lehrer-logo_2017.png\" alt=\"\" width=\"881\" height=\"555\" srcset=\"https:\/\/zanshinkai.de\/wp-content\/uploads\/2017\/01\/lehrer-logo_2017.png 881w, https:\/\/zanshinkai.de\/wp-content\/uploads\/2017\/01\/lehrer-logo_2017-300x189.png 300w, https:\/\/zanshinkai.de\/wp-content\/uploads\/2017\/01\/lehrer-logo_2017-768x484.png 768w\" sizes=\"(max-width: 881px) 100vw, 881px\" \/><\/a><\/p>\n<p>Information about the training, registration and accommodation as well as the evening programme can be found on this page or on the <a href=\"http:\/\/zanshinkai.de\/wp-content\/uploads\/2017\/03\/Zanshinkaiflyer_2017_front-and-back_eng.pdf\" target=\"_blank\" rel=\"noopener noreferrer\"><strong>ZANSHINKAI flyer<\/strong><\/a>. <strong>Special conditions<\/strong> apply for <strong>registrations<\/strong> up to <strong>19 March 2017<\/strong>. Please remember to make the pre-registration via <strong><a href=\"mailto:info@zanshinkai.de\" target=\"_blank\" rel=\"noopener noreferrer\">info@zanshinkai.de<\/a><\/strong> or by mail with the <a href=\"http:\/\/zanshinkai.de\/wp-content\/uploads\/2017\/03\/Zanshinkai_Registration_2017.pdf\" target=\"_blank\" rel=\"noopener noreferrer\"><strong>registration form<\/strong><\/a>. Registration from the 20th of March and on site are also possible.<\/p>\n<p>We are looking forward to seeing you at ZANSHINKAI 2017 in G\u00f6ttingen.<\/p>\n<h5><span style=\"color: #808080;\"><em>2nd of\u00a0 January 2017<\/em><\/span><\/h5>\n<p>We wish everyone a Happy New Year!<\/p>\n<h5><span style=\"color: #808080;\"><em>24th of December 2016<\/em><\/span><\/h5>\n<p>We wish everyone a Merry Christmas and a Happy New Year!<\/p>\n<p><a href=\"http:\/\/zanshinkai.de\/wp-content\/uploads\/2015\/11\/lehrer-logo_2016-12-24_weihnachtspost.png\"><img loading=\"lazy\" class=\"alignnone wp-image-548 size-large\" src=\"http:\/\/zanshinkai.de\/wp-content\/uploads\/2015\/11\/lehrer-logo_2016-12-24_weihnachtspost-754x1024.png\" alt=\"lehrer-logo_2016-12-24_weihnachtspost\" width=\"640\" height=\"869\" srcset=\"https:\/\/zanshinkai.de\/wp-content\/uploads\/2015\/11\/lehrer-logo_2016-12-24_weihnachtspost-754x1024.png 754w, https:\/\/zanshinkai.de\/wp-content\/uploads\/2015\/11\/lehrer-logo_2016-12-24_weihnachtspost-221x300.png 221w, https:\/\/zanshinkai.de\/wp-content\/uploads\/2015\/11\/lehrer-logo_2016-12-24_weihnachtspost-768x1043.png 768w, https:\/\/zanshinkai.de\/wp-content\/uploads\/2015\/11\/lehrer-logo_2016-12-24_weihnachtspost.png 881w\" sizes=\"(max-width: 640px) 100vw, 640px\" \/><\/a><\/p>\n<h5><span style=\"color: #808080;\"><em>21st of October 2016<\/em><\/span><\/h5>\n<p>About 5 month to go for the next ZANSHINKAI in G\u00f6ttingen. This time the highclass teacher team consists of Doug Wilson, Oliver Piskurek, Sheila Haddad, Arnaud Cousergue, Lauri Jokinen and Ralph Schwager. They are coming together on the 1st and 2nd of April 2017.<\/p>\n<p>Please register via <strong><a href=\"http:\/\/zanshinkai.de\/anmeldung\/\" target=\"_blank\" rel=\"noopener noreferrer\">e-mail<\/a><\/strong> or <strong><a href=\"http:\/\/zanshinkai.de\/anmeldung\/\" target=\"_blank\" rel=\"noopener noreferrer\">PDF form<\/a><\/strong>. Pre-registration is possible until the 19th of March 2017. You will find further information under this link: <strong><a href=\"http:\/\/zanshinkai.de\/anmeldung\/\" target=\"_blank\" rel=\"noopener noreferrer\">Registration<\/a><\/strong>.<\/p>\n<p>Information about the training location, training schedule, accomodation and the famous evening party on Saturday are available on the <strong><a href=\"http:\/\/zanshinkai.de\/flyer\/\" target=\"_blank\" rel=\"noopener noreferrer\">Zanshinkai-Flyer<\/a><\/strong>.<\/p>\n<p>Further important news are coming up on this page or the facebook-event-page.<\/p>\n<p>We look forward to seeing you.<\/p>\n<h5><span style=\"color: #808080;\"><em>5th of May 2016<\/em><\/span><\/h5>\n<p>The photos of the ZANSHINKAI are available under &#8220;<strong><a href=\"http:\/\/zanshinkai.de\/galerie\/\" target=\"_blank\" rel=\"noopener noreferrer\">Gallery<\/a><\/strong>&#8220;.<\/p>\n<h5><span style=\"color: #808080;\"><em>16th of April 2016<\/em><\/span><\/h5>\n<p>We want to say thank you for a successful seminar with more than 100 participants from all over Europe. Guests from Finland, Denmark, Spain, Turkey, from the Netherlands, Austria and from Germany created a truly international atmosphere. All participants trained with great enthusiasm and the number of 25 Judans is an evidence for the high level of training.<\/p>\n<p>Furthermore, we want to thank you for attending the great party on Saturday night, where many of you, after having the tasty dinner, took the possibility of our open stage to bring joy to all of us.<\/p>\n<p>We got several requests concerning our sold-out Zanshinkai-T-Shirts. If we get the minimum amount of orders that is needed, we are happy to order some more for you. Please let us know if you are interested in a T-Shirt and send an email (info@zanshinkai.de) with specifications about your size until April 26th.<\/p>\n<p>See you next time&#8230; Banpen Fugyou.<\/p>\n<p><a href=\"http:\/\/zanshinkai.de\/wp-content\/uploads\/2015\/11\/comp.png\" rel=\"attachment wp-att-409\"><img loading=\"lazy\" class=\"alignnone wp-image-409 size-large\" src=\"http:\/\/zanshinkai.de\/wp-content\/uploads\/2015\/11\/comp-1024x947.png\" alt=\"comp\" width=\"640\" height=\"592\" srcset=\"https:\/\/zanshinkai.de\/wp-content\/uploads\/2015\/11\/comp-1024x947.png 1024w, https:\/\/zanshinkai.de\/wp-content\/uploads\/2015\/11\/comp-300x278.png 300w, https:\/\/zanshinkai.de\/wp-content\/uploads\/2015\/11\/comp-768x710.png 768w, https:\/\/zanshinkai.de\/wp-content\/uploads\/2015\/11\/comp.png 1280w\" sizes=\"(max-width: 640px) 100vw, 640px\" \/><\/a><\/p>\n<h5><span style=\"color: #808080;\"><em>2nd of April 2016<\/em><\/span><\/h5>\n<p>9 teachers = ~270 years of experience<\/p>\n<p><a href=\"http:\/\/zanshinkai.de\/wp-content\/uploads\/2015\/11\/Zanshinkai-Flyer_270_eng.png\" rel=\"attachment wp-att-396\"><img loading=\"lazy\" class=\"alignnone wp-image-396 size-full\" src=\"http:\/\/zanshinkai.de\/wp-content\/uploads\/2015\/11\/Zanshinkai-Flyer_270_eng.png\" alt=\"Zanshinkai-Flyer_270_eng\" width=\"595\" height=\"842\" srcset=\"https:\/\/zanshinkai.de\/wp-content\/uploads\/2015\/11\/Zanshinkai-Flyer_270_eng.png 595w, https:\/\/zanshinkai.de\/wp-content\/uploads\/2015\/11\/Zanshinkai-Flyer_270_eng-212x300.png 212w\" sizes=\"(max-width: 595px) 100vw, 595px\" \/><\/a><\/p>\n<h5><span style=\"color: #808080;\"><em>30th of March 2016<\/em><\/span><\/h5>\n<p>Three days left for the early-bird-discount! If you know someone who is not registered yet: you can only get this discount until April 2nd. Just a few more people can be accepted for the party on Saturday night, we are sorry but space is limited!<\/p>\n<h5><span style=\"color: #808080;\"><em>22th of March 2016<\/em><\/span><\/h5>\n<p>The Zanshinkai-T-Shirts have been delivered! They are looking great, aren&#8217;t they?<\/p>\n<p><a href=\"http:\/\/zanshinkai.de\/wp-content\/uploads\/2015\/11\/zanshinkaitshirts.png\" rel=\"attachment wp-att-382\"><img loading=\"lazy\" class=\"alignnone wp-image-382 size-large\" src=\"http:\/\/zanshinkai.de\/wp-content\/uploads\/2015\/11\/zanshinkaitshirts-1024x576.png\" alt=\"zanshinkaitshirts\" width=\"640\" height=\"360\" srcset=\"https:\/\/zanshinkai.de\/wp-content\/uploads\/2015\/11\/zanshinkaitshirts-1024x576.png 1024w, https:\/\/zanshinkai.de\/wp-content\/uploads\/2015\/11\/zanshinkaitshirts-300x169.png 300w, https:\/\/zanshinkai.de\/wp-content\/uploads\/2015\/11\/zanshinkaitshirts-768x432.png 768w, https:\/\/zanshinkai.de\/wp-content\/uploads\/2015\/11\/zanshinkaitshirts.png 1200w\" sizes=\"(max-width: 640px) 100vw, 640px\" \/><\/a><\/p>\n<h5><span style=\"color: #808080;\"><em>9th of March 2016<\/em><\/span><\/h5>\n<p>We organised a nice bar for Saturday night where everyone will find something delicious at the buffet. We arranged very good conditions and are looking forward to a great night with an open stage.<\/p>\n<p>Please let us know with your registration if you want to attend: <a href=\"http:\/\/www.zanshinkai.de\/en\/anmeldung\/\" target=\"_blank\" rel=\"noopener noreferrer\">www.zanshinkai.de\/en\/anmeldung\/<\/a>.<\/p>\n<h5><span style=\"color: #808080;\"><em>29th of February 2016<\/em><\/span><\/h5>\n<p>As a great beginning for the Zanshinkai weekend, Paul will be teaching a yoga class. It will take place on April 8th, 7:15-8:45 pm in the gymnastics hall of the Br\u00fcder-Grimm-Schule (Bergenstra\u00dfe, 37075 G\u00f6ttingen).<\/p>\n<p>It is possible to stay overnight in the dojo (Max Planck Gymnasium, Theaterplatz 10, 37073 G\u00f6ttingen) for 8,- EUR\/night incl. breakfast. Please let us know with your registration if you want to sleep in the dojo (do not forget your sleeping bag and camping mat!).<\/p>\n<h5><span style=\"color: #808080;\"><em>06th of February 2016<\/em><\/span><\/h5>\n<p>Exactly nine weeks until the Zankshinkai from today!<br \/>\nWe want to give you some information about the course of the event.<\/p>\n<p>We will start and end both days of the seminar with a large class with all nine teachers and all participants. The other classes are divided in three smaller groups, each held by three teachers. The teachers will change from class to class so every participant will be able to get a lesson with every teacher.<\/p>\n<h5><span style=\"color: #808080;\"><em>9th of January 2016<\/em><\/span><\/h5>\n<p>Dear martial arts friends,<\/p>\n<p>The new year has just begun and we wish you the very best for it.<\/p>\n<p>It is exactly three months from today until the Zanshinkai takes place and we are looking forward to organise this great seminar for you.<\/p>\n<p>We would like to ask you to pre-register via our website. A pre-registration on Facebook is not enough for this event. You can find all details on <a href=\"http:\/\/l.facebook.com\/l.php?u=http%3A%2F%2Fwww.zanshinkai.de%2Fen%2Fanmeldung%2F&amp;h=PAQH7V63sAQHYjkdrZ_HFbyI42uZBa_ltDcDsPrAYnlzvRg&amp;enc=AZNJ1w4DVLBYaNsGU-kdruSLTf1EZPj-mA_Gn8TFNpaHJElSAfCy14vUuravdKEc14mgm5maVuMrICcqPkvh0x5lfVARydK1KtHh1g_BF_CRscKJ8EHOqkzBv3THbrM_A_5LX5z767_0vEj3kkB579hTtFvvYdoHFg6-J6kurkuJzfkdQLOHx-pKQdsPnzACSWk&amp;s=1\" target=\"_blank\" rel=\"nofollow noopener noreferrer\">www.zanshinkai.de\/en\/anmeldung\/<\/a>.<\/p>\n<p>If you have any questions please do not hesitate and contact us.<\/p>\n<p><span style=\"color: #808080;\"><em>11th of November 2015<\/em><\/span><\/p>\n<p><a href=\"http:\/\/zanshinkai.de\/wp-content\/uploads\/2015\/11\/Zanshinkaiflyer_eng.pdf\" target=\"_blank\" rel=\"noopener noreferrer\"><img loading=\"lazy\" class=\"alignnone wp-image-126 size-full\" src=\"http:\/\/zanshinkai.de\/wp-content\/uploads\/2015\/11\/Zanshinkai.jpg\" alt=\"Zanshinkai\" width=\"636\" height=\"900\" srcset=\"https:\/\/zanshinkai.de\/wp-content\/uploads\/2015\/11\/Zanshinkai.jpg 636w, https:\/\/zanshinkai.de\/wp-content\/uploads\/2015\/11\/Zanshinkai-212x300.jpg 212w\" sizes=\"(max-width: 636px) 100vw, 636px\" \/><\/a><\/p>\n<h5><em>3rd of October 2021<\/em><\/h5>\n<p>The <strong>early bird deadline is 10.10.2021<\/strong>, so there is still time to <strong>pre-register for ZANSHINKAI 2021<\/strong> until Sunday.<\/p>\n<p>There will also be a <strong>dinner on Saturday<\/strong>.<\/p>\n<p>Furthermore, we can look forward to a special <strong>Bo Shuriken performance<\/strong> and training opportunity at this year&#8217;s <strong>ZANSHINKAI<\/strong>.<\/p>\n<p>There will also be a <strong>ZANSHINKAI t-shirt this year<\/strong>.<\/p>\n<p>Please don&#8217;t forget to register soon to make organisation easier for us.<\/p>\n<h5><em>23rd of September 2021<\/em><\/h5>\n<p><a href=\"http:\/\/zanshinkai.de\/wp-content\/uploads\/2021\/09\/Zanshinkai_2021_fb.png\"><img loading=\"lazy\" class=\"alignnone size-full wp-image-1269\" src=\"http:\/\/zanshinkai.de\/wp-content\/uploads\/2021\/09\/Zanshinkai_2021_fb.png\" alt=\"\" width=\"584\" height=\"447\" srcset=\"https:\/\/zanshinkai.de\/wp-content\/uploads\/2021\/09\/Zanshinkai_2021_fb.png 584w, https:\/\/zanshinkai.de\/wp-content\/uploads\/2021\/09\/Zanshinkai_2021_fb-300x230.png 300w\" sizes=\"(max-width: 584px) 100vw, 584px\" \/><\/a><\/p>\n<h5><em>20th of September 2021<\/em><\/h5>\n<p>This year&#8217;s ZANSHINKAI teacher team consists of <strong>Michael Schierling (Denmark), Marco Borst (Netherlands) and Oliver Piskurek (Germany)<\/strong>. We look forward to inspirations with a feeling of Japan.<\/p>\n<p><strong>Please register via <a href=\"mailto:info@zanshinkai.de\" target=\"_blank\" rel=\"noopener\">info@zanshinkai.de<\/a>.<\/strong><\/p>\n<p>Further information will follow soon.<\/p>\n<h5><em>22nd of February 2021<\/em><\/h5>\n<p>The <strong>SZANSHINKAI 2021<\/strong> will take place from <strong>16.-17.10.2021<\/strong>.<\/p>\n<h5><em>25th of September 2020<\/em><\/h5>\n<p>The SZANSHINKAI will take place from 10-11.10.2020.<\/p>\n<p>Due to COVID-19 there will be another change in the teacher team. <span lang=\"en\">Three different dates and three teacher changes, szanshin.<\/span><\/p>\n<p>This year we are looking forward to <strong>Thomas Franz\u00e9n<\/strong>, <strong>Oliver Piskurek<\/strong> and <strong>Kostas Kanakis<\/strong>.<\/p>\n<p>The pre-registration runs until September 30th, 2020. The number of participants is limited.<\/p>\n<p>Further information will follow.<\/p>\n<p>Stay healthy.<\/p>\n<p>Banpenfugyo.<\/p>\n<p><a href=\"http:\/\/zanshinkai.de\/wp-content\/uploads\/2020\/09\/2020-10_Zanshinkai_2020_web.png\"><img loading=\"lazy\" class=\"alignnone size-full wp-image-1235\" src=\"http:\/\/zanshinkai.de\/wp-content\/uploads\/2020\/09\/2020-10_Zanshinkai_2020_web.png\" alt=\"\" width=\"2349\" height=\"1900\" srcset=\"https:\/\/zanshinkai.de\/wp-content\/uploads\/2020\/09\/2020-10_Zanshinkai_2020_web.png 2349w, https:\/\/zanshinkai.de\/wp-content\/uploads\/2020\/09\/2020-10_Zanshinkai_2020_web-300x243.png 300w, https:\/\/zanshinkai.de\/wp-content\/uploads\/2020\/09\/2020-10_Zanshinkai_2020_web-768x621.png 768w, https:\/\/zanshinkai.de\/wp-content\/uploads\/2020\/09\/2020-10_Zanshinkai_2020_web-1024x828.png 1024w\" sizes=\"(max-width: 2349px) 100vw, 2349px\" \/><\/a><\/p>\n<h5><em>3rd of July 2020<\/em><\/h5>\n<p>The SZANSHINKAI will takes place from October 03-04, 2020.<\/p>\n<p>Due to the current situation, we will adapt the SZANSHINKAI thematically and make long weapons a central theme. The number of participants for the SZANSHINKAI 2020 will be limited.<\/p>\n<p>New pre-registration is possible until 12th of September 2020.<\/p>\n<p>More information will follow soon.<\/p>\n<p>Stay healthy.<\/p>\n<p>Banpenfugyo.<\/p>\n<h5><em>16th of March 2020<\/em><\/h5>\n<p>As already indicated, the SZANSHINKAI 2020 must be postponed.<\/p>\n<p><a href=\"https:\/\/www.bundesregierung.de\/breg-de\/themen\/buerokratieabbau\/vereinbarung-zwischen-der-bundesregierung-und-den-regierungschefinnen-und-regierungschefs-der-bundeslaender-angesichts-der-corona-epidemie-in-deutschland-1730934\" target=\"_blank\" rel=\"noopener noreferrer\">https:\/\/www.bundesregierung.de\/breg-de\/themen\/buerokratieabbau\/vereinbarung-zwischen-der-bundesregierung-und-den-regierungschefinnen-und-regierungschefs-der-bundeslaender-angesichts-der-corona-epidemie-in-deutschland-1730934<\/a>.<\/p>\n<p>Further information will follow.<\/p>\n<p>Stay positive and healthy \ud83d\ude42<\/p>\n<p>Banpenfugyo.<\/p>\n<h5><em>15th of March 2020<\/em><\/h5>\n<p>Due to the dynamic progression of the current situation, we would like to try to respond to all concerns, wishes and hopes as best as we can. Taking into account the current situation and the travel restrictions, we would like to express our fullest understanding. In the SZanshinkai team we constantly discuss and evaluate the situation. It is important to us to avoid risks, especially for older people or people who are at risk for health conditions.<\/p>\n<p><span class=\"tlid-translation translation\" lang=\"en\"><span class=\"\" title=\"\">We will get in touch with you early next week. <\/span><\/span>Please be prepared for everything and stay positive.<\/p>\n<p>Banpenfugyo juppo sessho gakorai tosha akuma fudo.<\/p>\n<p><em>14th of March 2020<\/em><\/p>\n<p dir=\"auto\"><span style=\"color: #333333;\">The ZSanshinkai team understands that given the current state of affairs some people will likely be impacted by travel restrictions. We understand and respect that people will be impacted and should not take unnecessary risks. We are happy about all those who remain positive and look forward to the ZSANSHINKAI.<\/span><\/p>\n<p><span style=\"color: #333333;\">Here some more <strong>information<\/strong> about the <strong>ZSANSHINKAI.<\/strong> Besides the <strong>usual training weapons<\/strong>, please bring a <strong>Rokushakubo<\/strong> <strong>if possible<\/strong>. T<\/span><span style=\"color: #333333;\">his year there is a limited number of participants. Until Thursday, 19.03.2020, a few more participants will be accepted.<\/span><\/p>\n<p>We are looking forward to a great event and wish a smooth trip to our attendees and now a great weekend.<\/p>\n<h5><em>28th of February 2020<\/em><\/h5>\n<p>Just 3<strong> days left<\/strong> until <strong>01.03.2020<\/strong> to get the <strong>EARLY BIRD DISCOUNT<\/strong> for <strong>125 \u20ac<\/strong>. For <strong>Judan and above<\/strong> the <strong>EARLY BRID DISCOUNT is 70 \u20ac<\/strong>. <strong> For group bookings of 5 persons or more, the fee is reduced again, please check our <a href=\"https:\/\/zanshinkai.de\/wp-content\/uploads\/2020\/01\/Zanshinkai_Flyer_2020_eng.pdf\" target=\"_blank\" rel=\"noopener noreferrer\">ZANSHINKAI Flyer<\/a>! <\/strong>Please note that <strong>after 01.03.<\/strong> the <strong>regular seminar fee of 145 \u20ac<\/strong> will <strong>apply<\/strong>. <strong>Please<\/strong> <strong>register<\/strong> for the <strong>ZANSHINKAI<\/strong> <strong>2020<\/strong> via <a title=\"ZANSHINKAI 2020\" href=\"mailto:info@zanshinkai.de\" target=\"_blank\" rel=\"noopener noreferrer\"><strong>info@zanshinkai.de<\/strong><\/a>.<\/p>\n<p>Our <strong>T-Shirt design<\/strong> for this years <strong>ZANSHINKAI<\/strong> you&#8217;ll underneath this post. <strong>Pre-orders<\/strong> can be placed <strong>until 01.03.2020<\/strong>.<\/p>\n<p>As usual, we will have our regular <strong>dinner<\/strong> on <strong>Saturday evening<\/strong>. Please let us know, if you want to join.<\/p>\n<p><strong>Note<\/strong>: Due to a few requests about the new coronavirus, I would like to refer to a scientific assessment by Oliver Piskurek. Please follow this link: <a href=\"https:\/\/m.facebook.com\/story.php?story_fbid=2785505578153069&amp;id=100000809620154\" target=\"_blank\" rel=\"noopener noreferrer\"><strong>https:\/\/m.facebook.com\/story.php?story_fbid=2785505578153069&amp;id=100000809620154<\/strong><\/a>\u00a0 and the corresponding updates from Oliver. We will take extended hygiene measures for the ZANSHINKAI. If you have any further questions on this topic, please contact us.<\/p>\n<p><strong> Pedro<\/strong> will give a <strong> special training<\/strong> on <strong> Friday<\/strong>, <strong> 20.03.20 from 7-9 pm<\/strong>. <strong> Take this opportunity &amp;<\/strong> <strong>join \ud83d\ude09<\/strong> For all who participate in the ZANSHINKAI, the fee is 15 \u20ac. For all others 25 \u20ac.<\/p>\n<h5><em>16th of February 2020<\/em><\/h5>\n<h5>This year&#8217;s T-SHIRT design. When you register for the ZANSHINKAI please let us know, if you want to order one and which size you have (we have men and womens cut).<\/h5>\n<p><a href=\"http:\/\/zanshinkai.de\/wp-content\/uploads\/2020\/02\/ratte-t-shirt.jpg\"><img loading=\"lazy\" class=\"alignnone wp-image-1181 size-large\" src=\"http:\/\/zanshinkai.de\/wp-content\/uploads\/2020\/02\/ratte-t-shirt-950x1024.jpg\" alt=\"\" width=\"640\" height=\"690\" srcset=\"https:\/\/zanshinkai.de\/wp-content\/uploads\/2020\/02\/ratte-t-shirt-950x1024.jpg 950w, https:\/\/zanshinkai.de\/wp-content\/uploads\/2020\/02\/ratte-t-shirt-278x300.jpg 278w, https:\/\/zanshinkai.de\/wp-content\/uploads\/2020\/02\/ratte-t-shirt-768x827.jpg 768w\" sizes=\"(max-width: 640px) 100vw, 640px\" \/><\/a><\/p>\n<h5><em>25th January 2020<\/em><\/h5>\n<p>A happy new year 2020 to all.<\/p>\n<p>The <strong>ZANSHINKAI 2020<\/strong> is coming closer. On <strong>21-22 March 2020 in G\u00f6ttingen<\/strong>. <strong>Pedro, Oliver<\/strong> &amp; <strong>Doug<\/strong> form this year&#8217;s <strong>ZANSHINKAI teacher team<\/strong>.<\/p>\n<p><strong>Pedro<\/strong> will give a training on <strong>Friday, 20.03.20 from 7-9 pm<\/strong>. <strong>Take this chance &amp; join!<\/strong> Please register for the training (<a href=\"mailto:info@zanshinkai.de\" target=\"_blank\" rel=\"noopener noreferrer\">info@zanshinkai.de<\/a>).<\/p>\n<p>The <strong>registration<\/strong> for <strong>ZANSHINKAI<\/strong> <strong>2020<\/strong> is running and as always there is our <a href=\"http:\/\/zanshinkai.de\/anmeldung\/\" target=\"_blank\" rel=\"noopener noreferrer\"><strong>early bird discount<\/strong><\/a>. <strong>Register until 01.03.2020<\/strong> and receive <a href=\"http:\/\/zanshinkai.de\/anmeldung\/\" target=\"_blank\" rel=\"noopener noreferrer\"><strong>special (group) conditions<\/strong><\/a>.<\/p>\n<p><strong>We are looking forward to you!<\/strong><\/p>\n<h5><em>11th of October 2019<\/em><\/h5>\n<p>The upcoming <strong>ZANSHINKAI<\/strong> is from <strong>21.-22. of March 2020<\/strong>. More information are coming soon. Please mark this date in your calender.<\/p>\n<h5><em>16th of May 2019<\/em><\/h5>\n<div style=\"width: 640px;\" class=\"wp-video\"><video class=\"wp-video-shortcode\" id=\"video-268-5\" width=\"640\" height=\"360\" poster=\"http:\/\/zanshinkai.de\/wp-content\/uploads\/2019\/04\/logo_zs.jpg\" preload=\"metadata\" controls=\"controls\"><source type=\"video\/mp4\" src=\"http:\/\/zanshinkai.de\/wp-content\/uploads\/2019\/05\/zanshinkai-2019.mp4?_=5\" \/><a href=\"http:\/\/zanshinkai.de\/wp-content\/uploads\/2019\/05\/zanshinkai-2019.mp4\">http:\/\/zanshinkai.de\/wp-content\/uploads\/2019\/05\/zanshinkai-2019.mp4<\/a><\/video><\/div>\n<h5><\/h5>\n<h5><em>16th of May 2019<\/em><\/h5>\n<p>This years t-shirt design.<\/p>\n<p><a href=\"http:\/\/zanshinkai.de\/wp-content\/uploads\/2019\/05\/zanshinkai-t-shirt.jpg\"><img loading=\"lazy\" class=\"alignnone wp-image-1095 size-medium\" src=\"http:\/\/zanshinkai.de\/wp-content\/uploads\/2019\/05\/zanshinkai-t-shirt-276x300.jpg\" alt=\"\" width=\"276\" height=\"300\" srcset=\"https:\/\/zanshinkai.de\/wp-content\/uploads\/2019\/05\/zanshinkai-t-shirt-276x300.jpg 276w, https:\/\/zanshinkai.de\/wp-content\/uploads\/2019\/05\/zanshinkai-t-shirt-768x835.jpg 768w, https:\/\/zanshinkai.de\/wp-content\/uploads\/2019\/05\/zanshinkai-t-shirt-942x1024.jpg 942w\" sizes=\"(max-width: 276px) 100vw, 276px\" \/><\/a><\/p>\n<h5><em>29th of April 2019<\/em><\/h5>\n<p>Here a trailer of previous Sanshin\/Zanshinkais that features our three main teachers for 2019. Get your <strong>early bird discount until 19th of May 2019<\/strong>. We look forward seeing you at the ZANSHINKAI 2019!<\/p>\n<div style=\"width: 640px;\" class=\"wp-video\"><video class=\"wp-video-shortcode\" id=\"video-268-6\" width=\"640\" height=\"360\" poster=\"http:\/\/zanshinkai.de\/wp-content\/uploads\/2019\/04\/logo_zs.jpg\" preload=\"metadata\" controls=\"controls\"><source type=\"video\/mp4\" src=\"http:\/\/zanshinkai.de\/wp-content\/uploads\/2019\/04\/zanshinkai-2019-goettingen.mp4?_=6\" \/><a href=\"http:\/\/zanshinkai.de\/wp-content\/uploads\/2019\/04\/zanshinkai-2019-goettingen.mp4\">http:\/\/zanshinkai.de\/wp-content\/uploads\/2019\/04\/zanshinkai-2019-goettingen.mp4<\/a><\/video><\/div>\n<h5><em>4th of April 2019<\/em><\/h5>\n<p>In less than 2 months the <strong>ZANSHINKAI 2019<\/strong> will take place in <strong>G\u00f6ttingen<\/strong>. Please <strong>register<\/strong> for the <strong><a href=\"https:\/\/zanshinkai.de\/en\/anmeldung\/\" target=\"_blank\" rel=\"noopener noreferrer\">early bird discount<\/a> by 19 May 2019<\/strong>.<\/p>\n<p><a href=\"http:\/\/zanshinkai.de\/wp-content\/uploads\/2019\/04\/received_623144308097314.jpeg\"><img loading=\"lazy\" class=\"alignleft wp-image-1071 size-thumbnail\" src=\"http:\/\/zanshinkai.de\/wp-content\/uploads\/2019\/04\/received_623144308097314-150x150.jpeg\" alt=\"\" width=\"150\" height=\"150\" srcset=\"https:\/\/zanshinkai.de\/wp-content\/uploads\/2019\/04\/received_623144308097314-150x150.jpeg 150w, https:\/\/zanshinkai.de\/wp-content\/uploads\/2019\/04\/received_623144308097314-300x300.jpeg 300w, https:\/\/zanshinkai.de\/wp-content\/uploads\/2019\/04\/received_623144308097314-768x768.jpeg 768w, https:\/\/zanshinkai.de\/wp-content\/uploads\/2019\/04\/received_623144308097314-1024x1024.jpeg 1024w, https:\/\/zanshinkai.de\/wp-content\/uploads\/2019\/04\/received_623144308097314.jpeg 1600w\" sizes=\"(max-width: 150px) 100vw, 150px\" \/><\/a>We are very happy to have the <strong>band Calaveras<\/strong> around <strong>Doug Wilson<\/strong> <strong>in G\u00f6ttingen<\/strong>. This will be a very <strong>special event<\/strong>. His <strong>legendary guitarist Ken Kishi<\/strong> and co-founder of <strong>Calaveras<\/strong> will <strong>come<\/strong> <strong>to G\u00f6ttingen<\/strong> for the <strong>concert<\/strong>, too. At the moment the band is touring in Tokyo. They will perform as a duo on April 13th in Kyoto. And on <strong>1<sup>st<\/sup> of June 2019<\/strong> they will perform a <strong>live concert<\/strong> in <strong>downtown G\u00f6ttingen<\/strong> to present their newly <strong>released CD &#8220;Hell will decide&#8221;<\/strong>. More information will be available soon.<\/p>\n<p>Our <strong>ZANSHINKAI-T-Shirt-Logo<\/strong> of <strong>this year<\/strong> will be released soon. Please <strong>pre-order<\/strong> at <a href=\"mailto:info@zanshinkai.de\" target=\"_blank\" rel=\"noopener noreferrer\"><strong>info@zanshinkai.de<\/strong><\/a>.<\/p>\n<p><a href=\"http:\/\/zanshinkai.de\/wp-content\/uploads\/2019\/04\/zanshinkai-2019-oliver-lauri-doug.png\"><img loading=\"lazy\" class=\"alignnone size-full wp-image-1067\" src=\"http:\/\/zanshinkai.de\/wp-content\/uploads\/2019\/04\/zanshinkai-2019-oliver-lauri-doug.png\" alt=\"\" width=\"595\" height=\"649\" srcset=\"https:\/\/zanshinkai.de\/wp-content\/uploads\/2019\/04\/zanshinkai-2019-oliver-lauri-doug.png 595w, https:\/\/zanshinkai.de\/wp-content\/uploads\/2019\/04\/zanshinkai-2019-oliver-lauri-doug-275x300.png 275w\" sizes=\"(max-width: 595px) 100vw, 595px\" \/><\/a><\/p>\n<h5><em>13th of March 2019<\/em><\/h5>\n<p>The <strong>ZANSHINKAI Flyer<\/strong> with all main information is online. This year at the ZANSHINKAI we added some specials. Stay tuned.<\/p>\n<p>We are working on a <strong>ZANSHINKAI-T-Shirts<\/strong>. To get one please contact us at <strong>info@zanshinkai.de<\/strong>. More details are coming soon.<\/p>\n<h5><em>1st of March 2019<\/em><\/h5>\n<p>The ZANSHINKAI 2019 takes place fom 1st to 2nd of June 2019 in G\u00f6ttingen. Further information are coming soon our website, Facebook and Instagram.<\/p>\n<h5><em>21st of May 2018<\/em><\/h5>\n<p>The pictures of the ZANSHINKAI are now online. Please check the <a href=\"http:\/\/zanshinkai.de\/galerie\/\" target=\"_blank\" rel=\"noopener noreferrer\"><strong>gallery<\/strong><\/a>.<\/p>\n<h5><em>15th of April 2018<\/em><\/h5>\n<p><strong>Thanks<\/strong> <strong>to all<\/strong> of you for <strong>joining<\/strong> the <strong>ZANSHINKAI 2018<\/strong> in <strong>G\u00f6ttingen<\/strong> two weeks ago.<\/p>\n<p>We will <strong>upload<\/strong> the seminar <strong>pictures<\/strong> <strong>soon<\/strong>.<\/p>\n<p>Have a great time. And see you next time.<\/p>\n<h5><em>24th of January 2018<\/em><\/h5>\n<p><a href=\"http:\/\/zanshinkai.de\/wp-content\/uploads\/2018\/01\/Zanshinkai_Teacher.png\"><img loading=\"lazy\" class=\"alignnone size-full wp-image-799\" src=\"http:\/\/zanshinkai.de\/wp-content\/uploads\/2018\/01\/Zanshinkai_Teacher.png\" alt=\"\" width=\"877\" height=\"881\" srcset=\"https:\/\/zanshinkai.de\/wp-content\/uploads\/2018\/01\/Zanshinkai_Teacher.png 877w, https:\/\/zanshinkai.de\/wp-content\/uploads\/2018\/01\/Zanshinkai_Teacher-150x150.png 150w, https:\/\/zanshinkai.de\/wp-content\/uploads\/2018\/01\/Zanshinkai_Teacher-300x300.png 300w, https:\/\/zanshinkai.de\/wp-content\/uploads\/2018\/01\/Zanshinkai_Teacher-768x772.png 768w\" sizes=\"(max-width: 877px) 100vw, 877px\" \/><\/a><\/p>\n<p>The <strong>ZANSHINKAI<\/strong> gets closer.<\/p>\n<p>The <strong>seminar<\/strong> starts on <strong>Friday 30<sup>th<\/sup> of March<\/strong> (Good Friday) <strong>at 10 am<\/strong>.<\/p>\n<p>The <strong>teacher<\/strong><strong> of the <\/strong><strong>ZANSHINKAI 2018<\/strong> <strong>are<\/strong> <strong>Sveneric Bogs\u00e4ter, Doug Wilson, Oliver Piskurek, Lubo\u0161 Pokorn\u00fd, Kostas Kanakis, Christian Petroccello<\/strong>. This year we will have some <strong>special guests<\/strong>.<\/p>\n<p>The <strong>party<\/strong> is on <strong>Friday<\/strong>. The <strong>location<\/strong> is already <strong>booked<\/strong>. We look forward to a great atmosphere as usual.<\/p>\n<p>A perfect point of time before Easter to get the<strong> Japan spirit<\/strong> in G\u00f6ttingen to get new ideas and a positive input to slide into a relaxed Easter time with your family.<\/p>\n<p>See you at the <strong>ZANSHINKAI 2018<\/strong>!<\/p>\n<h5><span style=\"color: #808080;\"><em>05th of December 2017<\/em><\/span><\/h5>\n<p>The <strong>teachers<\/strong> of the <strong>ZANSHINKAI 2018 <\/strong>are: <b>Sveneric Bogs\u00e4ter, Doug Wilson, Oliver Piskurek, Lubo\u0161 Pokorn\u00fd, Kostas Kanakis, Christian Petroccello<\/b>.<\/p>\n<p>The<strong> ZANSHINKAI 2018<\/strong> takes place from <strong>30th till 31st of March 2018 in G\u00f6ttingen<\/strong>.<\/p>\n<p>Attention: The <strong>seminar starts<\/strong> on<strong> Good Friday<\/strong> and ends on Saturday. You can enjoy Easter after an intensive training.<\/p>\n<p>Please send an <strong>email<\/strong> or the <strong>registration form<\/strong> for <strong>register for the seminar<\/strong>.<\/p>\n<p><strong>Special conditions<\/strong> apply for <strong>registrations<\/strong> up to <strong>18th of March 2017<\/strong>.<\/p>\n<p>See you at the ZANSHINKAI 2018!<\/p>\n<h5><span style=\"color: #808080;\"><em>4th of April 2017<\/em><\/span><\/h5>\n<p>To all participants and to all teachers a big thanks!<\/p>\n<p>The ZANSHINKAI weekend was full of good atmosphere, a lot of creativity and energy, a high quality of teaching and a wonderful spirit.<\/p>\n<p>Soon we will upload pictures of the ZANSHINKAI 2017 in the gallery.<\/p>\n<p><a href=\"http:\/\/zanshinkai.de\/wp-content\/uploads\/2015\/11\/zanshinkai_kollage_2017_kl.png\"><img loading=\"lazy\" class=\"alignnone size-full wp-image-644\" src=\"http:\/\/zanshinkai.de\/wp-content\/uploads\/2015\/11\/zanshinkai_kollage_2017_kl.png\" alt=\"\" width=\"900\" height=\"636\" srcset=\"https:\/\/zanshinkai.de\/wp-content\/uploads\/2015\/11\/zanshinkai_kollage_2017_kl.png 900w, https:\/\/zanshinkai.de\/wp-content\/uploads\/2015\/11\/zanshinkai_kollage_2017_kl-300x212.png 300w, https:\/\/zanshinkai.de\/wp-content\/uploads\/2015\/11\/zanshinkai_kollage_2017_kl-768x543.png 768w\" sizes=\"(max-width: 900px) 100vw, 900px\" \/><\/a><\/p>\n<h5><span style=\"color: #808080;\"><em>30th of March 2017<\/em><\/span><\/h5>\n<p>The <strong>registration<\/strong> <strong>starts<\/strong> on Saturday as well on Sunday at <strong>9 am<\/strong> until 9.45 am.<\/p>\n<h5><span style=\"color: #808080;\"><em>27th of March 2017<\/em><\/span><\/h5>\n<p>As last years yoga session with Paul we will have an additional session on <strong>Friday<\/strong> <strong>(31-03-2017)<\/strong> from 7.30-9 pm in the <strong>Br\u00fcder-Grimm-Halle <\/strong>(Bergenstr.). <strong>Ralph<\/strong> is giving a session on the subject &#8220;<strong>Healing Art Based On Hichibuku<\/strong>&#8220;. Don&#8217;t miss it.<\/p>\n<p>The training schedule for Saturday and Sunday has been uploaded under\u00a0 <a href=\"http:\/\/zanshinkai.de\/en\/training\/\" target=\"_blank\" rel=\"noopener noreferrer\"><strong>Training<\/strong><\/a>. Please check it out.<\/p>\n<p>In regards of the party on Saturday night we have to say that we have no room left. There is a possivility of a waiting list. Feel free to contact us.<\/p>\n<h5><span style=\"color: #808080;\"><em>17th of\u00a0 January 2017<\/em><\/span><\/h5>\n<p><a href=\"http:\/\/zanshinkai.de\/wp-content\/uploads\/2017\/01\/lehrer-logo_2017.png\"><img loading=\"lazy\" class=\"alignnone size-full wp-image-581\" src=\"http:\/\/zanshinkai.de\/wp-content\/uploads\/2017\/01\/lehrer-logo_2017.png\" alt=\"\" width=\"881\" height=\"555\" srcset=\"https:\/\/zanshinkai.de\/wp-content\/uploads\/2017\/01\/lehrer-logo_2017.png 881w, https:\/\/zanshinkai.de\/wp-content\/uploads\/2017\/01\/lehrer-logo_2017-300x189.png 300w, https:\/\/zanshinkai.de\/wp-content\/uploads\/2017\/01\/lehrer-logo_2017-768x484.png 768w\" sizes=\"(max-width: 881px) 100vw, 881px\" \/><\/a><\/p>\n<p>Information about the training, registration and accommodation as well as the evening programme can be found on this page or on the <a href=\"http:\/\/zanshinkai.de\/wp-content\/uploads\/2017\/03\/Zanshinkaiflyer_2017_front-and-back_eng.pdf\" target=\"_blank\" rel=\"noopener noreferrer\"><strong>ZANSHINKAI flyer<\/strong><\/a>. <strong>Special conditions<\/strong> apply for <strong>registrations<\/strong> up to <strong>19 March 2017<\/strong>. Please remember to make the pre-registration via <strong><a href=\"mailto:info@zanshinkai.de\" target=\"_blank\" rel=\"noopener noreferrer\">info@zanshinkai.de<\/a><\/strong> or by mail with the <a href=\"http:\/\/zanshinkai.de\/wp-content\/uploads\/2017\/03\/Zanshinkai_Registration_2017.pdf\" target=\"_blank\" rel=\"noopener noreferrer\"><strong>registration form<\/strong><\/a>. Registration from the 20th of March and on site are also possible.<\/p>\n<p>We are looking forward to seeing you at ZANSHINKAI 2017 in G\u00f6ttingen.<\/p>\n<h5><span style=\"color: #808080;\"><em>2nd of\u00a0 January 2017<\/em><\/span><\/h5>\n<p>We wish everyone a Happy New Year!<\/p>\n<h5><span style=\"color: #808080;\"><em>24th of December 2016<\/em><\/span><\/h5>\n<p>We wish everyone a Merry Christmas and a Happy New Year!<\/p>\n<p><a href=\"http:\/\/zanshinkai.de\/wp-content\/uploads\/2015\/11\/lehrer-logo_2016-12-24_weihnachtspost.png\"><img loading=\"lazy\" class=\"alignnone wp-image-548 size-large\" src=\"http:\/\/zanshinkai.de\/wp-content\/uploads\/2015\/11\/lehrer-logo_2016-12-24_weihnachtspost-754x1024.png\" alt=\"lehrer-logo_2016-12-24_weihnachtspost\" width=\"640\" height=\"869\" srcset=\"https:\/\/zanshinkai.de\/wp-content\/uploads\/2015\/11\/lehrer-logo_2016-12-24_weihnachtspost-754x1024.png 754w, https:\/\/zanshinkai.de\/wp-content\/uploads\/2015\/11\/lehrer-logo_2016-12-24_weihnachtspost-221x300.png 221w, https:\/\/zanshinkai.de\/wp-content\/uploads\/2015\/11\/lehrer-logo_2016-12-24_weihnachtspost-768x1043.png 768w, https:\/\/zanshinkai.de\/wp-content\/uploads\/2015\/11\/lehrer-logo_2016-12-24_weihnachtspost.png 881w\" sizes=\"(max-width: 640px) 100vw, 640px\" \/><\/a><\/p>\n<h5><span style=\"color: #808080;\"><em>21st of October 2016<\/em><\/span><\/h5>\n<p>About 5 month to go for the next ZANSHINKAI in G\u00f6ttingen. This time the highclass teacher team consists of Doug Wilson, Oliver Piskurek, Sheila Haddad, Arnaud Cousergue, Lauri Jokinen and Ralph Schwager. They are coming together on the 1st and 2nd of April 2017.<\/p>\n<p>Please register via <strong><a href=\"http:\/\/zanshinkai.de\/anmeldung\/\" target=\"_blank\" rel=\"noopener noreferrer\">e-mail<\/a><\/strong> or <strong><a href=\"http:\/\/zanshinkai.de\/anmeldung\/\" target=\"_blank\" rel=\"noopener noreferrer\">PDF form<\/a><\/strong>. Pre-registration is possible until the 19th of March 2017. You will find further information under this link: <strong><a href=\"http:\/\/zanshinkai.de\/anmeldung\/\" target=\"_blank\" rel=\"noopener noreferrer\">Registration<\/a><\/strong>.<\/p>\n<p>Information about the training location, training schedule, accomodation and the famous evening party on Saturday are available on the <strong><a href=\"http:\/\/zanshinkai.de\/flyer\/\" target=\"_blank\" rel=\"noopener noreferrer\">Zanshinkai-Flyer<\/a><\/strong>.<\/p>\n<p>Further important news are coming up on this page or the facebook-event-page.<\/p>\n<p>We look forward to seeing you.<\/p>\n<h5><span style=\"color: #808080;\"><em>5th of May 2016<\/em><\/span><\/h5>\n<p>The photos of the ZANSHINKAI are available under &#8220;<strong><a href=\"http:\/\/zanshinkai.de\/galerie\/\" target=\"_blank\" rel=\"noopener noreferrer\">Gallery<\/a><\/strong>&#8220;.<\/p>\n<h5><span style=\"color: #808080;\"><em>16th of April 2016<\/em><\/span><\/h5>\n<p>We want to say thank you for a successful seminar with more than 100 participants from all over Europe. Guests from Finland, Denmark, Spain, Turkey, from the Netherlands, Austria and from Germany created a truly international atmosphere. All participants trained with great enthusiasm and the number of 25 Judans is an evidence for the high level of training.<\/p>\n<p>Furthermore, we want to thank you for attending the great party on Saturday night, where many of you, after having the tasty dinner, took the possibility of our open stage to bring joy to all of us.<\/p>\n<p>We got several requests concerning our sold-out Zanshinkai-T-Shirts. If we get the minimum amount of orders that is needed, we are happy to order some more for you. Please let us know if you are interested in a T-Shirt and send an email (info@zanshinkai.de) with specifications about your size until April 26th.<\/p>\n<p>See you next time&#8230; Banpen Fugyou.<\/p>\n<p><a href=\"http:\/\/zanshinkai.de\/wp-content\/uploads\/2015\/11\/comp.png\" rel=\"attachment wp-att-409\"><img loading=\"lazy\" class=\"alignnone wp-image-409 size-large\" src=\"http:\/\/zanshinkai.de\/wp-content\/uploads\/2015\/11\/comp-1024x947.png\" alt=\"comp\" width=\"640\" height=\"592\" srcset=\"https:\/\/zanshinkai.de\/wp-content\/uploads\/2015\/11\/comp-1024x947.png 1024w, https:\/\/zanshinkai.de\/wp-content\/uploads\/2015\/11\/comp-300x278.png 300w, https:\/\/zanshinkai.de\/wp-content\/uploads\/2015\/11\/comp-768x710.png 768w, https:\/\/zanshinkai.de\/wp-content\/uploads\/2015\/11\/comp.png 1280w\" sizes=\"(max-width: 640px) 100vw, 640px\" \/><\/a><\/p>\n<h5><span style=\"color: #808080;\"><em>2nd of April 2016<\/em><\/span><\/h5>\n<p>9 teachers = ~270 years of experience<\/p>\n<p><a href=\"http:\/\/zanshinkai.de\/wp-content\/uploads\/2015\/11\/Zanshinkai-Flyer_270_eng.png\" rel=\"attachment wp-att-396\"><img loading=\"lazy\" class=\"alignnone wp-image-396 size-full\" src=\"http:\/\/zanshinkai.de\/wp-content\/uploads\/2015\/11\/Zanshinkai-Flyer_270_eng.png\" alt=\"Zanshinkai-Flyer_270_eng\" width=\"595\" height=\"842\" srcset=\"https:\/\/zanshinkai.de\/wp-content\/uploads\/2015\/11\/Zanshinkai-Flyer_270_eng.png 595w, https:\/\/zanshinkai.de\/wp-content\/uploads\/2015\/11\/Zanshinkai-Flyer_270_eng-212x300.png 212w\" sizes=\"(max-width: 595px) 100vw, 595px\" \/><\/a><\/p>\n<h5><span style=\"color: #808080;\"><em>30th of March 2016<\/em><\/span><\/h5>\n<p>Three days left for the early-bird-discount! If you know someone who is not registered yet: you can only get this discount until April 2nd. Just a few more people can be accepted for the party on Saturday night, we are sorry but space is limited!<\/p>\n<h5><span style=\"color: #808080;\"><em>22th of March 2016<\/em><\/span><\/h5>\n<p>The Zanshinkai-T-Shirts have been delivered! They are looking great, aren&#8217;t they?<\/p>\n<p><a href=\"http:\/\/zanshinkai.de\/wp-content\/uploads\/2015\/11\/zanshinkaitshirts.png\" rel=\"attachment wp-att-382\"><img loading=\"lazy\" class=\"alignnone wp-image-382 size-large\" src=\"http:\/\/zanshinkai.de\/wp-content\/uploads\/2015\/11\/zanshinkaitshirts-1024x576.png\" alt=\"zanshinkaitshirts\" width=\"640\" height=\"360\" srcset=\"https:\/\/zanshinkai.de\/wp-content\/uploads\/2015\/11\/zanshinkaitshirts-1024x576.png 1024w, https:\/\/zanshinkai.de\/wp-content\/uploads\/2015\/11\/zanshinkaitshirts-300x169.png 300w, https:\/\/zanshinkai.de\/wp-content\/uploads\/2015\/11\/zanshinkaitshirts-768x432.png 768w, https:\/\/zanshinkai.de\/wp-content\/uploads\/2015\/11\/zanshinkaitshirts.png 1200w\" sizes=\"(max-width: 640px) 100vw, 640px\" \/><\/a><\/p>\n<h5><span style=\"color: #808080;\"><em>9th of March 2016<\/em><\/span><\/h5>\n<p>We organised a nice bar for Saturday night where everyone will find something delicious at the buffet. We arranged very good conditions and are looking forward to a great night with an open stage.<\/p>\n<p>Please let us know with your registration if you want to attend: <a href=\"http:\/\/www.zanshinkai.de\/en\/anmeldung\/\" target=\"_blank\" rel=\"noopener noreferrer\">www.zanshinkai.de\/en\/anmeldung\/<\/a>.<\/p>\n<h5><span style=\"color: #808080;\"><em>29th of February 2016<\/em><\/span><\/h5>\n<p>As a great beginning for the Zanshinkai weekend, Paul will be teaching a yoga class. It will take place on April 8th, 7:15-8:45 pm in the gymnastics hall of the Br\u00fcder-Grimm-Schule (Bergenstra\u00dfe, 37075 G\u00f6ttingen).<\/p>\n<p>It is possible to stay overnight in the dojo (Max Planck Gymnasium, Theaterplatz 10, 37073 G\u00f6ttingen) for 8,- EUR\/night incl. breakfast. Please let us know with your registration if you want to sleep in the dojo (do not forget your sleeping bag and camping mat!).<\/p>\n<h5><span style=\"color: #808080;\"><em>06th of February 2016<\/em><\/span><\/h5>\n<p>Exactly nine weeks until the Zankshinkai from today!<br \/>\nWe want to give you some information about the course of the event.<\/p>\n<p>We will start and end both days of the seminar with a large class with all nine teachers and all participants. The other classes are divided in three smaller groups, each held by three teachers. The teachers will change from class to class so every participant will be able to get a lesson with every teacher.<\/p>\n<h5><span style=\"color: #808080;\"><em>9th of January 2016<\/em><\/span><\/h5>\n<p>Dear martial arts friends,<\/p>\n<p>The new year has just begun and we wish you the very best for it.<\/p>\n<p>It is exactly three months from today until the Zanshinkai takes place and we are looking forward to organise this great seminar for you.<\/p>\n<p>We would like to ask you to pre-register via our website. A pre-registration on Facebook is not enough for this event. You can find all details on <a href=\"http:\/\/l.facebook.com\/l.php?u=http%3A%2F%2Fwww.zanshinkai.de%2Fen%2Fanmeldung%2F&amp;h=PAQH7V63sAQHYjkdrZ_HFbyI42uZBa_ltDcDsPrAYnlzvRg&amp;enc=AZNJ1w4DVLBYaNsGU-kdruSLTf1EZPj-mA_Gn8TFNpaHJElSAfCy14vUuravdKEc14mgm5maVuMrICcqPkvh0x5lfVARydK1KtHh1g_BF_CRscKJ8EHOqkzBv3THbrM_A_5LX5z767_0vEj3kkB579hTtFvvYdoHFg6-J6kurkuJzfkdQLOHx-pKQdsPnzACSWk&amp;s=1\" target=\"_blank\" rel=\"nofollow noopener noreferrer\">www.zanshinkai.de\/en\/anmeldung\/<\/a>.<\/p>\n<p>If you have any questions please do not hesitate and contact us.<\/p>\n<p><span style=\"color: #808080;\"><em>11th of November 2015<\/em><\/span><\/p>\n<p><a href=\"http:\/\/zanshinkai.de\/wp-content\/uploads\/2015\/11\/Zanshinkaiflyer_eng.pdf\" target=\"_blank\" rel=\"noopener noreferrer\"><img loading=\"lazy\" class=\"alignnone wp-image-126 size-full\" src=\"http:\/\/zanshinkai.de\/wp-content\/uploads\/2015\/11\/Zanshinkai.jpg\" alt=\"Zanshinkai\" width=\"636\" height=\"900\" srcset=\"https:\/\/zanshinkai.de\/wp-content\/uploads\/2015\/11\/Zanshinkai.jpg 636w, https:\/\/zanshinkai.de\/wp-content\/uploads\/2015\/11\/Zanshinkai-212x300.jpg 212w\" sizes=\"(max-width: 636px) 100vw, 636px\" \/><\/a><\/p>","protected":false},"excerpt":{"rendered":"<p>14th of March 2023 In just about 3 weeks Duncan, Oliver and Doug will be on the tatami at the SANSHIN Taikai in G\u00f6ttingen. Duncan has come all the way from Australia and Doug from Japan. All three will try &hellip; <a href=\"https:\/\/zanshinkai.de\/en\/\">Continue reading <span class=\"meta-nav\">&rarr;<\/span><\/a><\/p>\n","protected":false},"author":1,"featured_media":0,"parent":0,"menu_order":0,"comment_status":"closed","ping_status":"closed","template":"","meta":[],"_links":{"self":[{"href":"https:\/\/zanshinkai.de\/en\/wp-json\/wp\/v2\/pages\/268"}],"collection":[{"href":"https:\/\/zanshinkai.de\/en\/wp-json\/wp\/v2\/pages"}],"about":[{"href":"https:\/\/zanshinkai.de\/en\/wp-json\/wp\/v2\/types\/page"}],"author":[{"embeddable":true,"href":"https:\/\/zanshinkai.de\/en\/wp-json\/wp\/v2\/users\/1"}],"replies":[{"embeddable":true,"href":"https:\/\/zanshinkai.de\/en\/wp-json\/wp\/v2\/comments?post=268"}],"version-history":[{"count":11,"href":"https:\/\/zanshinkai.de\/en\/wp-json\/wp\/v2\/pages\/268\/revisions"}],"predecessor-version":[{"id":1383,"href":"https:\/\/zanshinkai.de\/en\/wp-json\/wp\/v2\/pages\/268\/revisions\/1383"}],"wp:attachment":[{"href":"https:\/\/zanshinkai.de\/en\/wp-json\/wp\/v2\/media?parent=268"}],"curies":[{"name":"wp","href":"https:\/\/api.w.org\/{rel}","templated":true}]}}